{"id":24,"date":"2018-05-11T06:21:23","date_gmt":"2018-05-11T06:21:23","guid":{"rendered":"https:\/\/praxis-toepolt.de\/?page_id=24"},"modified":"2026-07-23T11:22:43","modified_gmt":"2026-07-23T11:22:43","slug":"aktuelles","status":"publish","type":"page","link":"https:\/\/praxis-toepolt.de\/index.php\/startseite\/aktuelles\/","title":{"rendered":"Aktuelles"},"content":{"rendered":"<h1><span style=\"color: #ff0000;\">Vom 04.09.26- 11.09.2026 bleibt unsere Praxis aufgrund von Urlaub geschlossen.<\/span><\/h1>\n<pre><strong><u>Die Vertretung \u00fcbernehmen:<\/u><\/strong>\n\n<strong><span style=\"color: #008000;\">Familienpraxis L\u00f6btau<\/span> \nB\u00fcnaustr. 11, 01159 Dresden\nTel.: 0351\/ 4215744<\/strong>\n\n<strong><span style=\"color: #008000;\">Praxis Dr.med. Tuve<\/span> \nAmalie-Dietrich-Platz 5, 01169 Dresden\nTel.:\u00a0 0351\/ 411 2111<\/strong>\n\n<strong><span style=\"color: #008000;\">Allgemeinmed. Zentrum L\u00f6btau<\/span> \nGr\u00f6belstra\u00dfe 17, 01159 Dresden \nTel.:0351\/ 44812400\u00a0\u00a0\u00a0\u00a0\u00a0\u00a0\u00a0\u00a0\u00a0\u00a0\u00a0\u00a0\u00a0\u00a0\u00a0\u00a0\u00a0\u00a0\u00a0\u00a0\u00a0\u00a0\u00a0\u00a0\u00a0\u00a0\u00a0\u00a0\u00a0\u00a0\u00a0\u00a0\u00a0\u00a0\u00a0\u00a0\u00a0\u00a0\u00a0\u00a0\u00a0\u00a0\u00a0 <\/strong>\n\n<strong><span style=\"color: #008000;\">Praxis Ulrich Trausel, (nicht freitags)<\/span> \nPesterwitzer Str. 21, 01705 Freital\nTel.: 0351\/ 6502883<\/strong><\/pre>\n<pre>\n\n\n\n<strong><span style=\"color: #ff0000;\">Wenn Sie an Erk\u00e4ltungssymptomen leiden, m\u00f6chten wir Sie bitten, in den Praxisr\u00e4umen eine Maske zu tragen. So sch\u00fctzen Sie andere Patienten und das Praxispersonal. Vielen Dank!<\/span><\/strong><\/pre>\n<p>Bei Verdacht auf eine <strong>Coronavirus<\/strong>-Infektion bitten<br \/>\nwir Sie aus R\u00fccksicht auf andere Patient\/innen nicht unangemeldet in die Praxis zu kommen, sondern uns vorab f\u00fcr weitere Informationen anzurufen.<\/p>\n<p><strong>\u00a0<\/strong>Zur Verbesserung des Praxisablaufs<\/p>\n<h1><strong><span style=\"color: #339966;\">Liebe Patientinnen und Patienten, um den zeitlichen Ablauf in unserer Praxis zu optimieren und f\u00fcr Sie l\u00e4ngere Wartezeiten m\u00f6glichst gering zu halten, bitten wir sehr herzlich darum, dass sich <span style=\"color: #ff0000;\">unbestellte Patient\/Innen<\/span> <span style=\"color: #ff0000;\">bis sp\u00e4testens 10.00 Uhr<\/span> am Vormittag und<span style=\"color: #ff0000;\"> bis<\/span><\/span><\/strong><strong><span style=\"color: #339966;\"><span style=\"color: #ff0000;\"> 17.00 Uhr<\/span> am Nachmittag anmelden.<\/span><\/strong><\/h1>\n<h4><strong><span style=\"color: #339966;\">Vielen Dank f\u00fcr Ihr Verst\u00e4ndnis und Ihr Entgegenkommen.<\/span><\/strong><\/h4>\n<p><strong>Erg\u00e4nzend noch einige wichtige Hinweise f\u00fcr Sie<\/strong><br \/>\n<strong>w\u00e4hrend unserer Schlie\u00dfzeiten!<\/strong><\/p>\n<p>In akuten, aber nicht lebensbedrohlichen F\u00e4llen<br \/>\nk\u00f6nnen Sie auch die allgemeinmedizinischen<br \/>\n<span style=\"color: #ff0000;\">Bereitschaftspraxen<\/span> der KV Sachsen nutzen:<\/p>\n<p>&#8211; Bereitschaftspraxis am <span style=\"color: #ff0000;\">KH DD Friedrichstadt (Haus C)<\/span><br \/>\nMittwoch und Freitag\u00a0 \u00a0 \u00a0 \u00a0 \u00a0 \u00a0 \u00a0 \u00a0 \u00a016:00 \u2013 20:00 Uhr<br \/>\nWochenende, Feiertag\u00a0 \u00a0 \u00a0 \u00a0 \u00a0 \u00a0 \u00a0 \u00a0 08:00 \u2013 22:00 Uhr<br \/>\n&#8211; Bereitschaftspraxis<span style=\"color: #ff0000;\"> Uniklinik Dresden, Fiedlerstr.25, Haus 28<\/span><br \/>\nMontag, Dienstag, Donnerstag\u00a0 \u00a019:00 \u2013 22:00 Uhr<br \/>\nMittwoch, Freitag\u00a0 \u00a0 \u00a0 \u00a0 \u00a0 \u00a0 \u00a0 \u00a0 \u00a0 \u00a0 \u00a0 \u00a0 \u00a015:00 \u2013 22:00 Uhr<br \/>\nWochenende, Feiertag\u00a0 \u00a0 \u00a0 \u00a0 \u00a0 \u00a0 \u00a0 \u00a0 \u00a008:00 \u2013 22:00 Uhr<br \/>\n&#8211; Bereitschaftspraxis <span style=\"color: #ff0000;\">KH DD Neustadt, Kopernikusstr.39a<\/span><br \/>\nWochenende, Feiertag\u00a0 \u00a0 \u00a0 \u00a0 \u00a0 \u00a0 \u00a0 \u00a0 \u00a009:00 \u2013 22:00 Uhr<br \/>\n&#8211; Bereitschaftspraxis am <span style=\"color: #ff0000;\">Klinikum Freital, B\u00fcrgerstr.7<\/span><br \/>\nMittwoch, Freitag\u00a0 \u00a0 \u00a0 \u00a0 \u00a0 \u00a0 \u00a0 \u00a0 \u00a0 \u00a0 \u00a0 \u00a0 15:00 \u2013 19:00 Uhr<br \/>\nWochenende, Feiertag\u00a0 \u00a0 \u00a0 \u00a0 \u00a0 \u00a0 \u00a0 \u00a0 09:00 \u2013 13:00 Uhr<br \/>\n15:00 \u2013 19:00 Uhr<\/p>\n<p>Die Bereitschaftspraxen k\u00f6nnen Sie w\u00e4hrend der genannten<br \/>\n\u00d6ffnungszeiten ohne Voranmeldung aufsuchen.<\/p>\n<p><span style=\"color: #ff0000;\"><strong>In dringenden Notf\u00e4llen rufen Sie bitte den Notarzt (112).<\/strong><\/span><\/p>\n<pre><\/pre>\n","protected":false},"excerpt":{"rendered":"<p>Vom 04.09.26- 11.09.2026 bleibt unsere Praxis aufgrund von Urlaub geschlossen. Die Vertretung \u00fcbernehmen: Familienpraxis L\u00f6btau B\u00fcnaustr. 11, 01159 Dresden Tel.: 0351\/ 4215744 Praxis Dr.med. Tuve Amalie-Dietrich-Platz 5, 01169 Dresden Tel.:\u00a0 0351\/ 411 2111 Allgemeinmed. Zentrum L\u00f6btau Gr\u00f6belstra\u00dfe 17, 01159 Dresden Tel.:0351\/ 44812400\u00a0\u00a0\u00a0\u00a0\u00a0\u00a0\u00a0\u00a0\u00a0\u00a0\u00a0\u00a0\u00a0\u00a0\u00a0\u00a0\u00a0\u00a0\u00a0\u00a0\u00a0\u00a0\u00a0\u00a0\u00a0\u00a0\u00a0\u00a0\u00a0\u00a0\u00a0\u00a0\u00a0\u00a0\u00a0\u00a0\u00a0\u00a0\u00a0\u00a0\u00a0\u00a0\u00a0 Praxis Ulrich Trausel, (nicht freitags) Pesterwitzer Str. 21, 01705 Freital Tel.: 0351\/ 6502883 &hellip; <a href=\"https:\/\/praxis-toepolt.de\/index.php\/startseite\/aktuelles\/\" class=\"more-link\"><span class=\"screen-reader-text\">Aktuelles<\/span> weiterlesen<\/a><\/p>\n","protected":false},"author":1,"featured_media":0,"parent":72,"menu_order":0,"comment_status":"closed","ping_status":"closed","template":"","meta":[],"aioseo_notices":[],"aioseo_head":"\n\t\t<!-- All in One SEO 4.9.10 - aioseo.com -->\n\t<meta name=\"description\" content=\"Urlaub Gemeinschaftspraxis T\u00f6polt Dresden Malterstra\u00dfe\" \/>\n\t<meta name=\"robots\" content=\"max-image-preview:large\" \/>\n\t<meta name=\"keywords\" content=\"gemeinschaftspraxis t\u00f6polt dresden malterstra\u00dfe 45\" \/>\n\t<link rel=\"canonical\" href=\"https:\/\/praxis-toepolt.de\/index.php\/startseite\/aktuelles\/\" \/>\n\t<meta name=\"generator\" content=\"All in One SEO (AIOSEO) 4.9.10\" \/>\n\t\t<meta property=\"og:locale\" content=\"de_DE\" \/>\n\t\t<meta property=\"og:site_name\" content=\"Haus\u00e4rztliche Gemeinschaftspraxis Dres. med T\u00f6polt | Akademische Lehrpraxis der TU Dresden\" \/>\n\t\t<meta property=\"og:type\" content=\"article\" \/>\n\t\t<meta property=\"og:title\" content=\"Aktuelles | Haus\u00e4rztliche Gemeinschaftspraxis Dres. med T\u00f6polt\" \/>\n\t\t<meta property=\"og:description\" content=\"Urlaub Gemeinschaftspraxis T\u00f6polt Dresden Malterstra\u00dfe\" \/>\n\t\t<meta property=\"og:url\" content=\"https:\/\/praxis-toepolt.de\/index.php\/startseite\/aktuelles\/\" \/>\n\t\t<meta property=\"og:image\" content=\"https:\/\/praxis-toepolt.de\/wp-content\/uploads\/2018\/05\/cropped-Praxislogo-als-jpg-2.jpg\" \/>\n\t\t<meta property=\"og:image:secure_url\" content=\"https:\/\/praxis-toepolt.de\/wp-content\/uploads\/2018\/05\/cropped-Praxislogo-als-jpg-2.jpg\" \/>\n\t\t<meta property=\"article:published_time\" content=\"2018-05-11T06:21:23+00:00\" \/>\n\t\t<meta property=\"article:modified_time\" content=\"2026-07-23T11:22:43+00:00\" \/>\n\t\t<meta name=\"twitter:card\" content=\"summary\" \/>\n\t\t<meta name=\"twitter:title\" content=\"Aktuelles | Haus\u00e4rztliche Gemeinschaftspraxis Dres. med T\u00f6polt\" \/>\n\t\t<meta name=\"twitter:description\" content=\"Urlaub Gemeinschaftspraxis T\u00f6polt Dresden Malterstra\u00dfe\" \/>\n\t\t<meta name=\"twitter:image\" content=\"https:\/\/praxis-toepolt.de\/wp-content\/uploads\/2018\/05\/cropped-Praxislogo-als-jpg-2.jpg\" \/>\n\t\t<script type=\"application\/ld+json\" class=\"aioseo-schema\">\n\t\t\t{\"@context\":\"https:\\\/\\\/schema.org\",\"@graph\":[{\"@type\":\"BreadcrumbList\",\"@id\":\"https:\\\/\\\/praxis-toepolt.de\\\/index.php\\\/startseite\\\/aktuelles\\\/#breadcrumblist\",\"itemListElement\":[{\"@type\":\"ListItem\",\"@id\":\"https:\\\/\\\/praxis-toepolt.de#listItem\",\"position\":1,\"name\":\"Home\",\"item\":\"https:\\\/\\\/praxis-toepolt.de\",\"nextItem\":{\"@type\":\"ListItem\",\"@id\":\"https:\\\/\\\/praxis-toepolt.de\\\/index.php\\\/startseite\\\/aktuelles\\\/#listItem\",\"name\":\"Aktuelles\"}},{\"@type\":\"ListItem\",\"@id\":\"https:\\\/\\\/praxis-toepolt.de\\\/index.php\\\/startseite\\\/aktuelles\\\/#listItem\",\"position\":2,\"name\":\"Aktuelles\",\"previousItem\":{\"@type\":\"ListItem\",\"@id\":\"https:\\\/\\\/praxis-toepolt.de#listItem\",\"name\":\"Home\"}}]},{\"@type\":\"Organization\",\"@id\":\"https:\\\/\\\/praxis-toepolt.de\\\/#organization\",\"name\":\"Haus\\u00e4rztliche Gemeinschaftspraxis Dres. med T\\u00f6polt\",\"description\":\"Akademische Lehrpraxis der TU Dresden\",\"url\":\"https:\\\/\\\/praxis-toepolt.de\\\/\",\"logo\":{\"@type\":\"ImageObject\",\"url\":\"https:\\\/\\\/praxis-toepolt.de\\\/wp-content\\\/uploads\\\/2018\\\/05\\\/cropped-Praxislogo-als-jpg-2.jpg\",\"@id\":\"https:\\\/\\\/praxis-toepolt.de\\\/index.php\\\/startseite\\\/aktuelles\\\/#organizationLogo\",\"width\":248,\"height\":169},\"image\":{\"@id\":\"https:\\\/\\\/praxis-toepolt.de\\\/index.php\\\/startseite\\\/aktuelles\\\/#organizationLogo\"}},{\"@type\":\"WebPage\",\"@id\":\"https:\\\/\\\/praxis-toepolt.de\\\/index.php\\\/startseite\\\/aktuelles\\\/#webpage\",\"url\":\"https:\\\/\\\/praxis-toepolt.de\\\/index.php\\\/startseite\\\/aktuelles\\\/\",\"name\":\"Aktuelles | Haus\\u00e4rztliche Gemeinschaftspraxis Dres. med T\\u00f6polt\",\"description\":\"Urlaub Gemeinschaftspraxis T\\u00f6polt Dresden Malterstra\\u00dfe\",\"inLanguage\":\"de-DE\",\"isPartOf\":{\"@id\":\"https:\\\/\\\/praxis-toepolt.de\\\/#website\"},\"breadcrumb\":{\"@id\":\"https:\\\/\\\/praxis-toepolt.de\\\/index.php\\\/startseite\\\/aktuelles\\\/#breadcrumblist\"},\"datePublished\":\"2018-05-11T06:21:23+00:00\",\"dateModified\":\"2026-07-23T11:22:43+00:00\"},{\"@type\":\"WebSite\",\"@id\":\"https:\\\/\\\/praxis-toepolt.de\\\/#website\",\"url\":\"https:\\\/\\\/praxis-toepolt.de\\\/\",\"name\":\"Haus\\u00e4rztliche Gemeinschaftspraxis Dres. med T\\u00f6polt\",\"description\":\"Akademische Lehrpraxis der TU Dresden\",\"inLanguage\":\"de-DE\",\"publisher\":{\"@id\":\"https:\\\/\\\/praxis-toepolt.de\\\/#organization\"}}]}\n\t\t<\/script>\n\t\t<!-- All in One SEO -->\n\n","aioseo_head_json":{"title":"Aktuelles | Haus\u00e4rztliche Gemeinschaftspraxis Dres. med T\u00f6polt","description":"Urlaub Gemeinschaftspraxis T\u00f6polt Dresden Malterstra\u00dfe","canonical_url":"https:\/\/praxis-toepolt.de\/index.php\/startseite\/aktuelles\/","robots":"max-image-preview:large","keywords":"gemeinschaftspraxis t\u00f6polt dresden malterstra\u00dfe 45","webmasterTools":{"miscellaneous":""},"schema":{"@context":"https:\/\/schema.org","@graph":[{"@type":"BreadcrumbList","@id":"https:\/\/praxis-toepolt.de\/index.php\/startseite\/aktuelles\/#breadcrumblist","itemListElement":[{"@type":"ListItem","@id":"https:\/\/praxis-toepolt.de#listItem","position":1,"name":"Home","item":"https:\/\/praxis-toepolt.de","nextItem":{"@type":"ListItem","@id":"https:\/\/praxis-toepolt.de\/index.php\/startseite\/aktuelles\/#listItem","name":"Aktuelles"}},{"@type":"ListItem","@id":"https:\/\/praxis-toepolt.de\/index.php\/startseite\/aktuelles\/#listItem","position":2,"name":"Aktuelles","previousItem":{"@type":"ListItem","@id":"https:\/\/praxis-toepolt.de#listItem","name":"Home"}}]},{"@type":"Organization","@id":"https:\/\/praxis-toepolt.de\/#organization","name":"Haus\u00e4rztliche Gemeinschaftspraxis Dres. med T\u00f6polt","description":"Akademische Lehrpraxis der TU Dresden","url":"https:\/\/praxis-toepolt.de\/","logo":{"@type":"ImageObject","url":"https:\/\/praxis-toepolt.de\/wp-content\/uploads\/2018\/05\/cropped-Praxislogo-als-jpg-2.jpg","@id":"https:\/\/praxis-toepolt.de\/index.php\/startseite\/aktuelles\/#organizationLogo","width":248,"height":169},"image":{"@id":"https:\/\/praxis-toepolt.de\/index.php\/startseite\/aktuelles\/#organizationLogo"}},{"@type":"WebPage","@id":"https:\/\/praxis-toepolt.de\/index.php\/startseite\/aktuelles\/#webpage","url":"https:\/\/praxis-toepolt.de\/index.php\/startseite\/aktuelles\/","name":"Aktuelles | Haus\u00e4rztliche Gemeinschaftspraxis Dres. med T\u00f6polt","description":"Urlaub Gemeinschaftspraxis T\u00f6polt Dresden Malterstra\u00dfe","inLanguage":"de-DE","isPartOf":{"@id":"https:\/\/praxis-toepolt.de\/#website"},"breadcrumb":{"@id":"https:\/\/praxis-toepolt.de\/index.php\/startseite\/aktuelles\/#breadcrumblist"},"datePublished":"2018-05-11T06:21:23+00:00","dateModified":"2026-07-23T11:22:43+00:00"},{"@type":"WebSite","@id":"https:\/\/praxis-toepolt.de\/#website","url":"https:\/\/praxis-toepolt.de\/","name":"Haus\u00e4rztliche Gemeinschaftspraxis Dres. med T\u00f6polt","description":"Akademische Lehrpraxis der TU Dresden","inLanguage":"de-DE","publisher":{"@id":"https:\/\/praxis-toepolt.de\/#organization"}}]},"og:locale":"de_DE","og:site_name":"Haus\u00e4rztliche Gemeinschaftspraxis Dres. med T\u00f6polt | Akademische Lehrpraxis der TU Dresden","og:type":"article","og:title":"Aktuelles | Haus\u00e4rztliche Gemeinschaftspraxis Dres. med T\u00f6polt","og:description":"Urlaub Gemeinschaftspraxis T\u00f6polt Dresden Malterstra\u00dfe","og:url":"https:\/\/praxis-toepolt.de\/index.php\/startseite\/aktuelles\/","og:image":"https:\/\/praxis-toepolt.de\/wp-content\/uploads\/2018\/05\/cropped-Praxislogo-als-jpg-2.jpg","og:image:secure_url":"https:\/\/praxis-toepolt.de\/wp-content\/uploads\/2018\/05\/cropped-Praxislogo-als-jpg-2.jpg","article:published_time":"2018-05-11T06:21:23+00:00","article:modified_time":"2026-07-23T11:22:43+00:00","twitter:card":"summary","twitter:title":"Aktuelles | Haus\u00e4rztliche Gemeinschaftspraxis Dres. med T\u00f6polt","twitter:description":"Urlaub Gemeinschaftspraxis T\u00f6polt Dresden Malterstra\u00dfe","twitter:image":"https:\/\/praxis-toepolt.de\/wp-content\/uploads\/2018\/05\/cropped-Praxislogo-als-jpg-2.jpg"},"aioseo_meta_data":{"post_id":"24","title":"Aktuelles | #site_title","description":"Urlaub Gemeinschaftspraxis T\u00f6polt Dresden Malterstra\u00dfe","keywords":[{"label":"Gemeinschaftspraxis T\u00f6polt Dresden Malterstra\u00dfe 45","value":"Gemeinschaftspraxis T\u00f6polt Dresden Malterstra\u00dfe 45"}],"keyphrases":{"focus":{"keyphrase":"","score":0,"analysis":{"keyphraseInTitle":{"score":0,"maxScore":9,"error":1}}},"additional":[]},"primary_term":null,"canonical_url":null,"og_title":null,"og_description":null,"og_object_type":"default","og_image_type":"default","og_image_url":null,"og_image_width":null,"og_image_height":null,"og_image_custom_url":null,"og_image_custom_fields":null,"og_video":"","og_custom_url":null,"og_article_section":null,"og_article_tags":null,"twitter_use_og":false,"twitter_card":"default","twitter_image_type":"default","twitter_image_url":null,"twitter_image_custom_url":null,"twitter_image_custom_fields":null,"twitter_title":null,"twitter_description":null,"schema":{"blockGraphs":[],"customGraphs":[],"default":{"data":{"Article":[],"Course":[],"Dataset":[],"FAQPage":[],"Movie":[],"Person":[],"Product":[],"ProductReview":[],"Car":[],"Recipe":[],"Service":[],"SoftwareApplication":[],"WebPage":{"id":"#aioseo-web-page-63fc47d9a6357","slug":"web-page","graphName":"WebPage","label":"Web Page","properties":{"type":"WebPage","name":"","description":""}}},"graphName":"WebPage","isEnabled":true},"graphs":[]},"schema_type":"default","schema_type_options":"{\"article\":{\"articleType\":\"BlogPosting\"},\"course\":{\"name\":\"\",\"description\":\"\",\"provider\":\"\"},\"faq\":{\"pages\":[]},\"product\":{\"reviews\":[]},\"recipe\":{\"ingredients\":[],\"instructions\":[],\"keywords\":[]},\"software\":{\"reviews\":[],\"operatingSystems\":[]},\"webPage\":{\"webPageType\":\"WebPage\"},\"blockGraphs\":[]}","pillar_content":false,"robots_default":true,"robots_noindex":false,"robots_noarchive":false,"robots_nosnippet":false,"robots_nofollow":false,"robots_noimageindex":false,"robots_noodp":false,"robots_notranslate":false,"robots_max_snippet":"-1","robots_max_videopreview":"-1","robots_max_imagepreview":"large","priority":null,"frequency":"default","local_seo":null,"breadcrumb_settings":null,"limit_modified_date":false,"ai":{"faqs":[],"keyPoints":[],"schemas":[],"titles":[],"descriptions":[],"socialPosts":{"email":[],"linkedin":[],"twitter":[],"facebook":[],"instagram":[]}},"created":"2021-12-24 11:58:18","updated":"2026-07-23 23:14:23","seo_analyzer_scan_date":null},"aioseo_breadcrumb":"<div class=\"aioseo-breadcrumbs\"><span class=\"aioseo-breadcrumb\">\n\t\t\t<a href=\"https:\/\/praxis-toepolt.de\" title=\"Home\">Home<\/a>\n\t\t<\/span><span class=\"aioseo-breadcrumb-separator\">&raquo;<\/span><span class=\"aioseo-breadcrumb\">\n\t\t\tAktuelles\n\t\t<\/span><\/div>","aioseo_breadcrumb_json":[{"label":"Home","link":"https:\/\/praxis-toepolt.de"},{"label":"Aktuelles","link":"https:\/\/praxis-toepolt.de\/index.php\/startseite\/aktuelles\/"}],"_links":{"self":[{"href":"https:\/\/praxis-toepolt.de\/index.php\/wp-json\/wp\/v2\/pages\/24"}],"collection":[{"href":"https:\/\/praxis-toepolt.de\/index.php\/wp-json\/wp\/v2\/pages"}],"about":[{"href":"https:\/\/praxis-toepolt.de\/index.php\/wp-json\/wp\/v2\/types\/page"}],"author":[{"embeddable":true,"href":"https:\/\/praxis-toepolt.de\/index.php\/wp-json\/wp\/v2\/users\/1"}],"replies":[{"embeddable":true,"href":"https:\/\/praxis-toepolt.de\/index.php\/wp-json\/wp\/v2\/comments?post=24"}],"version-history":[{"count":258,"href":"https:\/\/praxis-toepolt.de\/index.php\/wp-json\/wp\/v2\/pages\/24\/revisions"}],"predecessor-version":[{"id":766,"href":"https:\/\/praxis-toepolt.de\/index.php\/wp-json\/wp\/v2\/pages\/24\/revisions\/766"}],"up":[{"embeddable":true,"href":"https:\/\/praxis-toepolt.de\/index.php\/wp-json\/wp\/v2\/pages\/72"}],"wp:attachment":[{"href":"https:\/\/praxis-toepolt.de\/index.php\/wp-json\/wp\/v2\/media?parent=24"}],"curies":[{"name":"wp","href":"https:\/\/api.w.org\/{rel}","templated":true}]}}